{"id":151,"date":"2013-02-26T22:27:18","date_gmt":"2013-02-26T20:27:18","guid":{"rendered":"https:\/\/samorodni.eu\/kalli\/?page_id=151"},"modified":"2016-03-22T15:45:20","modified_gmt":"2016-03-22T15:45:20","slug":"meedia","status":"publish","type":"page","link":"https:\/\/samorodni.eu\/kalli\/kalli-samorodni\/meedia\/","title":{"rendered":"Meedia"},"content":{"rendered":"<p>&nbsp;<\/p>\n<p><a href=\"https:\/\/samorodni.eu\/kalli\/wp-content\/uploads\/2013\/02\/EestiMeel.png\"><img loading=\"lazy\" decoding=\"async\" class=\"alignleft wp-image-2476\" src=\"https:\/\/samorodni.eu\/kalli\/wp-content\/uploads\/sites\/2\/2013\/02\/EestiMeel.png\" alt=\"EestiMeel\" width=\"86\" height=\"86\" \/><\/a><\/p>\n<p>&nbsp;<\/p>\n<p>&nbsp;<\/p>\n<p>&nbsp;<\/p>\n<p><strong>Poluveera, Veremix &amp; Co,<\/strong><\/p>\n<p>&#8220;Eesti Meel&#8221;, 12.02.2014. <a href=\"http:\/\/eestimeel.blogspot.com\/2014\/02\/poluveera-veremix-co.html\">Loe\u00a0\u00bb<\/a><\/p>\n<p><a href=\"https:\/\/samorodni.eu\/kalli\/wp-content\/uploads\/2013\/02\/ESBL.png\"><img loading=\"lazy\" decoding=\"async\" class=\"alignleft size-full wp-image-2473\" src=\"https:\/\/samorodni.eu\/kalli\/wp-content\/uploads\/sites\/2\/2013\/02\/ESBL.png\" alt=\"\" width=\"104\" height=\"38\" \/><\/a><\/p>\n<p>&nbsp;<\/p>\n<p>&nbsp;<\/p>\n<p><strong>Kalli Samorodni (Meriste) biograafia,\u00a0<\/strong><\/p>\n<p>&#8220;Eesti spordi biograafiline leksikon&#8221;,\u00a017.09.2013. <a href=\"http:\/\/www.esbl.ee\/biograafia\/Kalli_Meriste\">Loe\u00bb<\/a><\/p>\n<p><a href=\"https:\/\/samorodni.eu\/kalli\/kalli-samorodni\/meedia\/hiiuleht-2\/\" rel=\"attachment wp-att-816\"><img loading=\"lazy\" decoding=\"async\" src=\"https:\/\/samorodni.eu\/kalli\/wp-content\/uploads\/sites\/2\/2013\/02\/HiiuLeht1-300x92.png\" alt=\"\" width=\"240\" height=\"74\" \/><\/a><\/p>\n<p><strong>HiKu aastal\u00f5pun\u00e4itus pakub \u00fcllatusi,<\/strong><\/p>\n<p>&#8220;Hiiu Leht&#8221;, 06.12.2103. <a href=\"http:\/\/www.hiiuleht.ee\/2013\/12\/hiku-aastalopunaitus-pakub-ullatusi\/\">Loe\u00bb<\/a><\/p>\n<p><a href=\"https:\/\/samorodni.eu\/kalli\/wp-content\/uploads\/2013\/02\/meiemaa.png\"><img loading=\"lazy\" decoding=\"async\" class=\"alignleft size-full wp-image-2312\" src=\"https:\/\/samorodni.eu\/kalli\/wp-content\/uploads\/sites\/2\/2013\/02\/meiemaa.png\" alt=\"\" width=\"196\" height=\"64\" \/><\/a><\/p>\n<p>&nbsp;<\/p>\n<p>&nbsp;<\/p>\n<p>&nbsp;<\/p>\n<p><strong>Hiiumaa loovisikute kingitus advendiajaks,<\/strong><\/p>\n<p>\u201eMeie Maa\u201c, 29.11.2013. <a href=\"https:\/\/www.meiemaa.ee\/index.php?content=artiklid&amp;sub=54&amp;artid=56251\">Loe\u00bb<\/a><\/p>\n<p><a href=\"https:\/\/samorodni.eu\/kalli\/kalli-samorodni\/meedia\/hiiuleht-2\/\" rel=\"attachment wp-att-816\"><img loading=\"lazy\" decoding=\"async\" class=\"alignleft wp-image-816\" src=\"https:\/\/samorodni.eu\/kalli\/wp-content\/uploads\/sites\/2\/2013\/02\/HiiuLeht1-300x92.png\" alt=\"\" width=\"240\" height=\"74\" \/><\/a><\/p>\n<p>&nbsp;<\/p>\n<p>&nbsp;<\/p>\n<p>&nbsp;<\/p>\n<p><strong>Tunnustus piirivalvuritele ja politseinikele,<\/strong><\/p>\n<p>\u201eHii Leht\u201c, 01.03.2013. \u00a0<a href=\"http:\/\/www.hiiuleht.ee\/2013\/03\/tunnustus-piirivalvuritele-ja-politseinikele\/\">Loe \u00bb<\/a><\/p>\n<p>&nbsp;<\/p>\n<p><a href=\"https:\/\/samorodni.eu\/kalli\/kalli-samorodni\/meedia\/ekspress\/\" rel=\"attachment wp-att-819\"><img loading=\"lazy\" decoding=\"async\" class=\"alignleft size-full wp-image-819\" src=\"https:\/\/samorodni.eu\/kalli\/wp-content\/uploads\/sites\/2\/2013\/02\/ekspress.gif\" alt=\"\" width=\"223\" height=\"85\" \/><\/a><\/p>\n<p>&nbsp;<\/p>\n<p>&nbsp;<\/p>\n<p>&nbsp;<\/p>\n<p><strong>Kuriteod k\u00f5ige n\u00f5rgemate vastu,<\/strong><\/p>\n<p>&#8220;Eesti Ekspress&#8221;, 14.04.2012.\u00a0\u00a0<a href=\"http:\/\/www.ekspress.ee\/news\/areen\/uudised\/kuriteod-koige-norgemate-vastu.d?id=64250683\">Loe \u00bb<\/a><\/p>\n<p>&nbsp;<\/p>\n<p><a href=\"https:\/\/samorodni.eu\/kalli\/wp-content\/uploads\/2013\/02\/ParnuPostimees2.gif\"><img loading=\"lazy\" decoding=\"async\" class=\"alignleft size-full wp-image-826\" src=\"https:\/\/samorodni.eu\/kalli\/wp-content\/uploads\/sites\/2\/2013\/02\/ParnuPostimees2.gif\" alt=\"ParnuPostimees\" width=\"176\" height=\"47\" \/><\/a><\/p>\n<p>&nbsp;<\/p>\n<p>&nbsp;<\/p>\n<p><strong>Politseisportlased tulid Austraaliast 11 kuldmedaliga,<\/strong><\/p>\n<p>\u201eP\u00e4rnu Postimees\u201c, 27.03.2007. \u00a0<a href=\"http:\/\/www-wxyz.parnupostimees.ee\/270307\/esileht\/10073210.php\">Loe\u00a0\u00bb<\/a><\/p>\n<p>&nbsp;<\/p>\n<p><a href=\"https:\/\/samorodni.eu\/kalli\/wp-content\/uploads\/2013\/02\/ParnuPostimees2.gif\"><img loading=\"lazy\" decoding=\"async\" class=\"alignleft size-full wp-image-826\" src=\"https:\/\/samorodni.eu\/kalli\/wp-content\/uploads\/sites\/2\/2013\/02\/ParnuPostimees2.gif\" alt=\"ParnuPostimees\" width=\"176\" height=\"47\" \/><\/a><\/p>\n<p>&nbsp;<\/p>\n<p>&nbsp;<\/p>\n<p><strong>P\u00e4rnumaa metsast leiti 16-aastase surnukeha<\/strong><b><\/b><\/p>\n<p>\u201eP\u00e4rnu Postimees\u201c, 27.05.2006. <a href=\"http:\/\/www.reisid.postimees.ee\/280506\/esileht\/siseuudised\/203339.php\">Loe \u00bb\u00a0<\/a><\/p>\n<p>&nbsp;<\/p>\n<p><a href=\"https:\/\/samorodni.eu\/kalli\/kalli-samorodni\/meedia\/parnupostimees-3\/\" rel=\"attachment wp-att-826\"><img loading=\"lazy\" decoding=\"async\" class=\"alignleft size-full wp-image-826\" src=\"https:\/\/samorodni.eu\/kalli\/wp-content\/uploads\/sites\/2\/2013\/02\/ParnuPostimees2.gif\" alt=\"\" width=\"176\" height=\"47\" \/><\/a><\/p>\n<p>&nbsp;<\/p>\n<p>&nbsp;<\/p>\n<p><strong>P\u00e4rnu naispolitseinikud naasid Kanadast kuue kullaga,<\/strong><\/p>\n<p>\u201eP\u00e4rnu Postimees\u201c, 20.07.2005. <a href=\"http:\/\/wwx.parnupostimees.ee\/220705\/esileht\/artiklid\/10057434_1.php\">Loe\u00a0\u00a0\u00bb<\/a><\/p>\n<p>&nbsp;<\/p>\n<p><a href=\"https:\/\/samorodni.eu\/kalli\/kalli-samorodni\/meedia\/delfi\/\" rel=\"attachment wp-att-829\"><img loading=\"lazy\" decoding=\"async\" class=\"alignleft wp-image-829\" src=\"https:\/\/samorodni.eu\/kalli\/wp-content\/uploads\/sites\/2\/2013\/02\/delfi.gif\" alt=\"\" width=\"178\" height=\"68\" \/><\/a><\/p>\n<p>&nbsp;<\/p>\n<p>&nbsp;<\/p>\n<p>&nbsp;<\/p>\n<p><strong>Neiu luuletas vanematele v\u00e4gistamisest,<\/strong><\/p>\n<p>\u201eDelfi\u201c, 21.01.2004. <a href=\"http:\/\/www.delfi.ee\/news\/paevauudised\/eesti\/neiu-luuletas-vanematele-vagistamisest.d?id=7056387\">Loe \u00a0\u00bb\u00a0<\/a><\/p>\n<p>&nbsp;<\/p>\n<p><a href=\"https:\/\/samorodni.eu\/kalli\/kalli-samorodni\/meedia\/epl\/\" rel=\"attachment wp-att-832\"><img loading=\"lazy\" decoding=\"async\" class=\"alignleft wp-image-832\" src=\"https:\/\/samorodni.eu\/kalli\/wp-content\/uploads\/sites\/2\/2013\/02\/epl.png\" alt=\"\" width=\"178\" height=\"68\" \/><\/a><\/p>\n<p>&nbsp;<\/p>\n<p>&nbsp;<\/p>\n<p>&nbsp;<\/p>\n<p><strong>Kalli Meristel j\u00e4i ol\u00fcmpianorm t\u00e4itmata,<\/strong><\/p>\n<p>\u201eEesti P\u00e4evaleht\u201c, 12.07.2000. \u00a0<a href=\"http:\/\/www.epl.ee\/news\/sport\/kalli-meristel-jai-olumpianorm-taitmata.d?id=50789599\">Loe\u00a0\u00bb\u00a0<\/a><\/p>\n<p>&nbsp;<\/p>\n<p>&nbsp;<\/p>\n<p><a href=\"https:\/\/samorodni.eu\/kalli\/kalli-samorodni\/meedia\/epl-2\/\" rel=\"attachment wp-att-834\"><img loading=\"lazy\" decoding=\"async\" class=\"alignleft wp-image-834\" src=\"https:\/\/samorodni.eu\/kalli\/wp-content\/uploads\/sites\/2\/2013\/02\/epl1.png\" alt=\"\" width=\"178\" height=\"68\" \/><\/a><\/p>\n<p>&nbsp;<\/p>\n<p>&nbsp;<\/p>\n<p>&nbsp;<\/p>\n<p><strong>J\u00fcri Jaansonile ja Kalli Meristele P\u00e4rnu j\u00f5elt neli kulda,<\/strong><\/p>\n<p>\u201eEesti P\u00e4evaleht\u201c, 03.08.1998. <a href=\"http:\/\/www.epl.ee\/news\/sport\/juri-jaansonile-ja-kalli-meristele-parnu-joelt-neli-kulda.d?id=50758968\">Loe \u00bb\u00a0<\/a><\/p>\n<h1><\/h1>\n<h1><\/h1>\n<p>&nbsp;<\/p>\n","protected":false},"excerpt":{"rendered":"<p>&nbsp; &nbsp; &nbsp; &nbsp; Poluveera, Veremix &amp; Co, &#8220;Eesti Meel&#8221;, 12.02.2014. Loe\u00a0\u00bb &nbsp; &nbsp; Kalli Samorodni (Meriste) biograafia,\u00a0 &#8220;Eesti spordi biograafiline leksikon&#8221;,\u00a017.09.2013. Loe\u00bb HiKu aastal\u00f5pun\u00e4itus pakub \u00fcllatusi, &#8220;Hiiu Leht&#8221;, 06.12.2103. Loe\u00bb &nbsp; &nbsp; &nbsp; Hiiumaa loovisikute kingitus advendiajaks, \u201eMeie Maa\u201c, &hellip;<\/p>\n<p class=\"read-more\"> <a class=\"more-link\" href=\"https:\/\/samorodni.eu\/kalli\/kalli-samorodni\/meedia\/\"> <span class=\"screen-reader-text\">Meedia<\/span> Loe veel &raquo;<\/a><\/p>\n","protected":false},"author":1,"featured_media":0,"parent":8,"menu_order":1,"comment_status":"closed","ping_status":"closed","template":"","meta":{"_exactmetrics_skip_tracking":false,"_exactmetrics_sitenote_active":false,"_exactmetrics_sitenote_note":"","_exactmetrics_sitenote_category":0,"footnotes":""},"_links":{"self":[{"href":"https:\/\/samorodni.eu\/kalli\/wp-json\/wp\/v2\/pages\/151"}],"collection":[{"href":"https:\/\/samorodni.eu\/kalli\/wp-json\/wp\/v2\/pages"}],"about":[{"href":"https:\/\/samorodni.eu\/kalli\/wp-json\/wp\/v2\/types\/page"}],"author":[{"embeddable":true,"href":"https:\/\/samorodni.eu\/kalli\/wp-json\/wp\/v2\/users\/1"}],"replies":[{"embeddable":true,"href":"https:\/\/samorodni.eu\/kalli\/wp-json\/wp\/v2\/comments?post=151"}],"version-history":[{"count":41,"href":"https:\/\/samorodni.eu\/kalli\/wp-json\/wp\/v2\/pages\/151\/revisions"}],"predecessor-version":[{"id":4581,"href":"https:\/\/samorodni.eu\/kalli\/wp-json\/wp\/v2\/pages\/151\/revisions\/4581"}],"up":[{"embeddable":true,"href":"https:\/\/samorodni.eu\/kalli\/wp-json\/wp\/v2\/pages\/8"}],"wp:attachment":[{"href":"https:\/\/samorodni.eu\/kalli\/wp-json\/wp\/v2\/media?parent=151"}],"curies":[{"name":"wp","href":"https:\/\/api.w.org\/{rel}","templated":true}]}}